{"id":225,"date":"2021-07-13T09:23:00","date_gmt":"2021-07-13T09:23:00","guid":{"rendered":"https:\/\/sigtus.com\/escola\/?page_id=225"},"modified":"2022-08-09T16:36:23","modified_gmt":"2022-08-09T16:36:23","slug":"classes","status":"publish","type":"page","link":"https:\/\/sigtus.com\/escola\/classes\/","title":{"rendered":"Classes"},"content":{"rendered":"\n<div class=\"alignfull wp-block-ugb-blog-posts ugb-blog-posts ugb-b3ea05e ugb-blog-posts--v2 ugb-blog-posts--design-basic ugb-blog-posts--columns-3 ugb-blog-posts--cat-highlighted ugb-main-block ugb--has-custom-content-width ugb-main-block--inner-wide ugb--has-block-background\"><style>.ugb-b3ea05e .ugb-blog-posts__featured-image{border-radius:21px !important}.ugb-b3ea05e .ugb-blog-posts__featured-image img{height:170px !important}.ugb-b3ea05e .ugb-blog-posts__title a{color:#000000 !important}.ugb-b3ea05e .ugb-blog-posts__title a:hover{opacity:0.8}.ugb-b3ea05e .ugb-blog-posts__excerpt,.ugb-b3ea05e .ugb-blog-posts__excerpt p{color:#000000 !important}.ugb-b3ea05e .ugb-blog-posts__excerpt{margin-bottom:55px !important}.ugb-b3ea05e .ugb-inner-block{text-align:left}.ugb-b3ea05e.ugb-blog-posts{background-color:#ffffff;background-attachment:fixed}.ugb-b3ea05e.ugb-blog-posts > .ugb-inner-block{min-width:auto !important;max-width:70% !important}.ugb-b3ea05e.ugb-blog-posts:before{background-color:#ffffff}.ugb-b3ea05e .ugb-block-title{font-family:\"Source Sans Pro\",Sans-serif !important;font-size:47px !important;font-weight:normal !important;letter-spacing:0.5px !important;color:#000000;text-align:center}@media screen and (min-width:768px){.ugb-b3ea05e.ugb-blog-posts{padding-right:90px !important;padding-left:90px !important}}@media screen and (min-width:768px) and (max-width:1025px){.ugb-b3ea05e.ugb-blog-posts{padding-right:0px !important;padding-left:0px !important}}<\/style><div class=\"ugb-inner-block ugb-inner-block--wide\"><h2 class=\"ugb-block-title\">Classes<\/h2><div class=\"ugb-block-content\"><article class=\"ugb-blog-posts__item\"><div class=\"ugb-blog-posts__content\"><figure class=\"ugb-blog-posts__featured-image ugb--shadow-2\"><a href=\"https:\/\/sigtus.com\/escola\/1-presentacio-general-de-la-llengua-de-signes\/\"><img loading=\"lazy\" decoding=\"async\" width=\"800\" height=\"450\" src=\"https:\/\/sigtus.com\/escola\/wp-content\/uploads\/2020\/05\/1_classe_sigtus.jpg\" class=\"attachment-large size-large wp-post-image\" alt=\"\" \/><\/a><\/figure><h3 class=\"ugb-blog-posts__title\"><a href=\"https:\/\/sigtus.com\/escola\/1-presentacio-general-de-la-llengua-de-signes\/\">Classe 1. Presentaci\u00f3 general de la Llengua de Signes<\/a><\/h3><div class=\"ugb-blog-posts__excerpt\"><p>En aquesta primera unitat ens introduirem a la Llengua de Signes catalana (LSC), explicarem la seva situaci\u00f3 actual, farem refer\u00e8ncia als seus principals usuaris i explicarem les falses creences.<\/p>\n<\/div><\/div><\/article><article class=\"ugb-blog-posts__item\"><div class=\"ugb-blog-posts__content\"><figure class=\"ugb-blog-posts__featured-image ugb--shadow-2\"><a href=\"https:\/\/sigtus.com\/escola\/2-la-dactilologia\/\"><img loading=\"lazy\" decoding=\"async\" width=\"800\" height=\"450\" src=\"https:\/\/sigtus.com\/escola\/wp-content\/uploads\/2020\/05\/2_classe_sigtus.jpg\" class=\"attachment-large size-large wp-post-image\" alt=\"\" \/><\/a><\/figure><h3 class=\"ugb-blog-posts__title\"><a href=\"https:\/\/sigtus.com\/escola\/2-la-dactilologia\/\">Classe 2. La dactilologia<\/a><\/h3><div class=\"ugb-blog-posts__excerpt\"><p>En aquesta segona classe parlarem de la dactilologia o alfabet dactilol\u00f2gic. La paraula dactilologia ve del grec daktilos (dits) i logia (discurs); aix\u00ed podr\u00edem definir-la com \u00abparlar amb els dits\u00bb. <\/p>\n<\/div><\/div><\/article><article class=\"ugb-blog-posts__item\"><div class=\"ugb-blog-posts__content\"><figure class=\"ugb-blog-posts__featured-image ugb--shadow-2\"><a href=\"https:\/\/sigtus.com\/escola\/classe-3-presentacio-personal\/\"><img loading=\"lazy\" decoding=\"async\" width=\"800\" height=\"450\" src=\"https:\/\/sigtus.com\/escola\/wp-content\/uploads\/2021\/07\/3_classe_sigtus.jpg\" class=\"attachment-large size-large wp-post-image\" alt=\"\" \/><\/a><\/figure><h3 class=\"ugb-blog-posts__title\"><a href=\"https:\/\/sigtus.com\/escola\/classe-3-presentacio-personal\/\">Classe 3. Presentaci\u00f3 personal<\/a><\/h3><div class=\"ugb-blog-posts__excerpt\"><p>En aquesta tercera unitat signarem la nostra pr\u00f2pia presentaci\u00f3 personal en Lengua de Signes catalana. Realitzarem una gravaci\u00f3 per a familiaritzar-nos amb aquest recurs.<\/p>\n<\/div><\/div><\/article><article class=\"ugb-blog-posts__item\"><div class=\"ugb-blog-posts__content\"><figure class=\"ugb-blog-posts__featured-image ugb--shadow-2\"><a href=\"https:\/\/sigtus.com\/escola\/classe-4-expressions-facials\/\"><img loading=\"lazy\" decoding=\"async\" width=\"800\" height=\"450\" src=\"https:\/\/sigtus.com\/escola\/wp-content\/uploads\/2021\/07\/4_classe_sigtus.jpg\" class=\"attachment-large size-large wp-post-image\" alt=\"\" \/><\/a><\/figure><h3 class=\"ugb-blog-posts__title\"><a href=\"https:\/\/sigtus.com\/escola\/classe-4-expressions-facials\/\">Classe 4. Expressions facials<\/a><\/h3><div class=\"ugb-blog-posts__excerpt\"><p>Aquesta unitat est\u00e0 composta de dos blocs. En primer lloc aprendrem la import\u00e0ncia de l&#8217;expressi\u00f3 facial com a element ling\u00fc\u00edstic de la Llengua de Signes. Treballarem diferents expressions facials relacionades amb emocions o estats d&#8217;\u00e0nim.<\/p>\n<\/div><\/div><\/article><article class=\"ugb-blog-posts__item\"><div class=\"ugb-blog-posts__content\"><figure class=\"ugb-blog-posts__featured-image ugb--shadow-2\"><a href=\"https:\/\/sigtus.com\/escola\/classe-5-pronoms-personals-i-determinants\/\"><img loading=\"lazy\" decoding=\"async\" width=\"800\" height=\"450\" src=\"https:\/\/sigtus.com\/escola\/wp-content\/uploads\/2021\/07\/5_classe_sigtus.jpg\" class=\"attachment-large size-large wp-post-image\" alt=\"\" \/><\/a><\/figure><h3 class=\"ugb-blog-posts__title\"><a href=\"https:\/\/sigtus.com\/escola\/classe-5-pronoms-personals-i-determinants\/\">Classe 5. Pronoms personals I determinants<\/a><\/h3><div class=\"ugb-blog-posts__excerpt\"><p>En aquesta cinquena unitat estudiarem els pronoms personals i determinants en Llengua de Signes Catalana a trav\u00e9s de diversos exercicis que proposarem a classe. <\/p>\n<\/div><\/div><\/article><article class=\"ugb-blog-posts__item\"><div class=\"ugb-blog-posts__content\"><figure class=\"ugb-blog-posts__featured-image ugb--shadow-2\"><a href=\"https:\/\/sigtus.com\/escola\/classe-6-genere-i-ordre-basic-dels-signes\/\"><img loading=\"lazy\" decoding=\"async\" width=\"800\" height=\"450\" src=\"https:\/\/sigtus.com\/escola\/wp-content\/uploads\/2021\/07\/6_classe_sigtus.jpg\" class=\"attachment-large size-large wp-post-image\" alt=\"\" \/><\/a><\/figure><h3 class=\"ugb-blog-posts__title\"><a href=\"https:\/\/sigtus.com\/escola\/classe-6-genere-i-ordre-basic-dels-signes\/\">Classe 6. G\u00e8nere i ordre b\u00e0sic dels signes<\/a><\/h3><div class=\"ugb-blog-posts__excerpt\"><p>Explicarem com s&#8217;indica el g\u00e8nere femen\u00ed i mascul\u00ed i estudiarem l&#8217;odre b\u00e0sic (estructura) dels signes en les oracions. La treballarem tant de forma te\u00f2rica com pr\u00e0ctica. <\/p>\n<\/div><\/div><\/article><article class=\"ugb-blog-posts__item\"><div class=\"ugb-blog-posts__content\"><figure class=\"ugb-blog-posts__featured-image ugb--shadow-2\"><a href=\"https:\/\/sigtus.com\/escola\/classe-7-salutacions-i-presentacions\/\"><img loading=\"lazy\" decoding=\"async\" width=\"800\" height=\"450\" src=\"https:\/\/sigtus.com\/escola\/wp-content\/uploads\/2021\/07\/7_classe_sigtus.jpg\" class=\"attachment-large size-large wp-post-image\" alt=\"\" \/><\/a><\/figure><h3 class=\"ugb-blog-posts__title\"><a href=\"https:\/\/sigtus.com\/escola\/classe-7-salutacions-i-presentacions\/\">Classe 7. Salutacions i presentacions<\/a><\/h3><div class=\"ugb-blog-posts__excerpt\"><p>Aprendrem a signar les salutacions m\u00e9s comunes en Llengua de Signes Catalana, com per exemple: bon dia, bona tarda, etc\u00e9tera.  Estudiarem els signes necessaris per a iniciar un di\u00e0leg en LSC<\/p>\n<\/div><\/div><\/article><article class=\"ugb-blog-posts__item\"><div class=\"ugb-blog-posts__content\"><figure class=\"ugb-blog-posts__featured-image ugb--shadow-2\"><a href=\"https:\/\/sigtus.com\/escola\/classe-8-vocabulari-de-temps\/\"><img loading=\"lazy\" decoding=\"async\" width=\"800\" height=\"450\" src=\"https:\/\/sigtus.com\/escola\/wp-content\/uploads\/2021\/07\/8_classe_sigtus.jpg\" class=\"attachment-large size-large wp-post-image\" alt=\"\" \/><\/a><\/figure><h3 class=\"ugb-blog-posts__title\"><a href=\"https:\/\/sigtus.com\/escola\/classe-8-vocabulari-de-temps\/\">Classe 8. Vocabulari de temps<\/a><\/h3><div class=\"ugb-blog-posts__excerpt\"><p>En aquesta tercera unitat, aprendrem tot all\u00f2 relacionat amb el temps (excepte les hores, que les estudiarem en una altra unitat).<\/p>\n<\/div><\/div><\/article><article class=\"ugb-blog-posts__item\"><div class=\"ugb-blog-posts__content\"><figure class=\"ugb-blog-posts__featured-image ugb--shadow-2\"><a href=\"https:\/\/sigtus.com\/escola\/classe-9-vocabulari-de-colors\/\"><img loading=\"lazy\" decoding=\"async\" width=\"800\" height=\"450\" src=\"https:\/\/sigtus.com\/escola\/wp-content\/uploads\/2021\/07\/9_classe_sigtus.jpg\" class=\"attachment-large size-large wp-post-image\" alt=\"\" \/><\/a><\/figure><h3 class=\"ugb-blog-posts__title\"><a href=\"https:\/\/sigtus.com\/escola\/classe-9-vocabulari-de-colors\/\">Classe 9. Vocabulari de colors<\/a><\/h3><div class=\"ugb-blog-posts__excerpt\"><p>Aquesta unitat est\u00e0 composta d&#8217;una tem\u00e0tica molt espec\u00edfica. Aprendrem a signar tots els colors en Llengua de Signes Catalana, realitzant diversos exercicis i din\u00e0miques que ens ajudaran ampliar el nostre vocabulari.<\/p>\n<\/div><\/div><\/article><article class=\"ugb-blog-posts__item\"><div class=\"ugb-blog-posts__content\"><figure class=\"ugb-blog-posts__featured-image ugb--shadow-2\"><a href=\"https:\/\/sigtus.com\/escola\/classe-10-nombre\/\"><img loading=\"lazy\" decoding=\"async\" width=\"800\" height=\"450\" src=\"https:\/\/sigtus.com\/escola\/wp-content\/uploads\/2021\/07\/10_classe_sigtus.jpg\" class=\"attachment-large size-large wp-post-image\" alt=\"\" \/><\/a><\/figure><h3 class=\"ugb-blog-posts__title\"><a href=\"https:\/\/sigtus.com\/escola\/classe-10-nombre\/\">Classe 10. Nombre<\/a><\/h3><div class=\"ugb-blog-posts__excerpt\"><p>En la Llengua de Signes, com a qualsevol altra llengua, t\u00e9 la possiblitat de indicar el nombre. En aquesta unitat explicarem com realitzar el singular i el plural en Llengua de Signes. Practicarem fins a interioritzar aquest aspecte a trav\u00e9s de diverses din\u00e0miques que proposarem a classe.<\/p>\n<\/div><\/div><\/article><article class=\"ugb-blog-posts__item\"><div class=\"ugb-blog-posts__content\"><figure class=\"ugb-blog-posts__featured-image ugb--shadow-2\"><a href=\"https:\/\/sigtus.com\/escola\/classe-11-figures-geometriques\/\"><img loading=\"lazy\" decoding=\"async\" width=\"800\" height=\"450\" src=\"https:\/\/sigtus.com\/escola\/wp-content\/uploads\/2021\/07\/11_classe_sigtus_figures.jpg\" class=\"attachment-large size-large wp-post-image\" alt=\"\" \/><\/a><\/figure><h3 class=\"ugb-blog-posts__title\"><a href=\"https:\/\/sigtus.com\/escola\/classe-11-figures-geometriques\/\">Classe 11: Figures geom\u00e8triques<\/a><\/h3><div class=\"ugb-blog-posts__excerpt\"><p>En aquesta unitat treballarem la reproduccci\u00f3 i comprensi\u00f3 les figures geom\u00e8triques, tant les formes b\u00e0siques com les composicions m\u00e9s complexes. Ho aprendrem a trav\u00e9s de diverses din\u00e0miques. Aquesta pr\u00e0ctica \u00e9s essencial  per a l&#8217;aprenentage de la LSC.<\/p>\n<\/div><\/div><\/article><article class=\"ugb-blog-posts__item\"><div class=\"ugb-blog-posts__content\"><figure class=\"ugb-blog-posts__featured-image ugb--shadow-2\"><a href=\"https:\/\/sigtus.com\/escola\/classe-12-vocabulari-danimals\/\"><img loading=\"lazy\" decoding=\"async\" width=\"800\" height=\"450\" src=\"https:\/\/sigtus.com\/escola\/wp-content\/uploads\/2021\/07\/12_classe_sigtus.jpg\" class=\"attachment-large size-large wp-post-image\" alt=\"\" \/><\/a><\/figure><h3 class=\"ugb-blog-posts__title\"><a href=\"https:\/\/sigtus.com\/escola\/classe-12-vocabulari-danimals\/\">Classe 12. Vocabulari d&#8217;animals.<\/a><\/h3><div class=\"ugb-blog-posts__excerpt\"><p>En aquesta unitat aprendrem a signar de tots els animals de diferents esp\u00e8cies, classificats per grups en funci\u00f3 de les seves caracter\u00edstiques: mam\u00edfers, r\u00e8ptils, aus, ambifibis, etc\u00e9tera, realitzant diverses activitats per assolir aquest vocabulari. <\/p>\n<\/div><\/div><\/article><article class=\"ugb-blog-posts__item\"><div class=\"ugb-blog-posts__content\"><figure class=\"ugb-blog-posts__featured-image ugb--shadow-2\"><a href=\"https:\/\/sigtus.com\/escola\/classe-13-els-adjectius-part-i\/\"><img loading=\"lazy\" decoding=\"async\" width=\"800\" height=\"450\" src=\"https:\/\/sigtus.com\/escola\/wp-content\/uploads\/2021\/07\/13_classe_sigtus.jpg\" class=\"attachment-large size-large wp-post-image\" alt=\"\" \/><\/a><\/figure><h3 class=\"ugb-blog-posts__title\"><a href=\"https:\/\/sigtus.com\/escola\/classe-13-els-adjectius-part-i\/\">Classe 13. Els adjectius.  Part I<\/a><\/h3><div class=\"ugb-blog-posts__excerpt\"><p>El tema dels adjectius est\u00e0 dividit en dos unitats. En aquesta primera part treballarem diferents adjectius f\u00edsics I ps\u00edquics. Aplicarem i practicarem aquest vocabulari en diferents exercicis i jocs.<\/p>\n<\/div><\/div><\/article><article class=\"ugb-blog-posts__item\"><div class=\"ugb-blog-posts__content\"><figure class=\"ugb-blog-posts__featured-image ugb--shadow-2\"><a href=\"https:\/\/sigtus.com\/escola\/classe-14-els-adjectius-part-ii\/\"><img loading=\"lazy\" decoding=\"async\" width=\"800\" height=\"450\" src=\"https:\/\/sigtus.com\/escola\/wp-content\/uploads\/2021\/07\/14_classe_sigtus.jpg\" class=\"attachment-large size-large wp-post-image\" alt=\"\" \/><\/a><\/figure><h3 class=\"ugb-blog-posts__title\"><a href=\"https:\/\/sigtus.com\/escola\/classe-14-els-adjectius-part-ii\/\">Classe 14. Els adjectius. Part II<\/a><\/h3><div class=\"ugb-blog-posts__excerpt\"><p>En aquesta unitat treballarem en particular els adjectius de superioritat e inferioritat. Repassarem els de la unitat anterior per a tal de situar-los en situaci\u00f3 comparativa.<\/p>\n<\/div><\/div><\/article><article class=\"ugb-blog-posts__item\"><div class=\"ugb-blog-posts__content\"><figure class=\"ugb-blog-posts__featured-image ugb--shadow-2\"><a href=\"https:\/\/sigtus.com\/escola\/classe-15-verbs\/\"><img loading=\"lazy\" decoding=\"async\" width=\"800\" height=\"450\" src=\"https:\/\/sigtus.com\/escola\/wp-content\/uploads\/2021\/07\/15_classe_sigtus.jpg\" class=\"attachment-large size-large wp-post-image\" alt=\"\" \/><\/a><\/figure><h3 class=\"ugb-blog-posts__title\"><a href=\"https:\/\/sigtus.com\/escola\/classe-15-verbs\/\">Classe 15. Verbs<\/a><\/h3><div class=\"ugb-blog-posts__excerpt\"><p>Estudiarem els diferents tipos de verbs que s&#8217;utilitzen en la Llengua de Signes: verbs principals en la seva forma b\u00e0sica, en infinitiu, els verbs espacials I els direccionals.<\/p>\n<\/div><\/div><\/article><article class=\"ugb-blog-posts__item\"><div class=\"ugb-blog-posts__content\"><figure class=\"ugb-blog-posts__featured-image ugb--shadow-2\"><a href=\"https:\/\/sigtus.com\/escola\/classe-16-vocabulari-de-la-familia\/\"><img loading=\"lazy\" decoding=\"async\" width=\"800\" height=\"450\" src=\"https:\/\/sigtus.com\/escola\/wp-content\/uploads\/2022\/02\/16_classe_sigtus_familia_leccion.jpg\" class=\"attachment-large size-large wp-post-image\" alt=\"\" \/><\/a><\/figure><h3 class=\"ugb-blog-posts__title\"><a href=\"https:\/\/sigtus.com\/escola\/classe-16-vocabulari-de-la-familia\/\">Classe 16. Vocabulari de la familia<\/a><\/h3><div class=\"ugb-blog-posts__excerpt\"><p>En aquesta unitat estudiarem espec\u00edficament el vocabulari de l&#8217;\u00e0mbit de la familia. Farem activitats relacionades amb aquesta tem\u00e0tica. Aprendrem a la nostra familia utilitzant tamb\u00e9 vocabulari de les unitats anteriors.<\/p>\n<\/div><\/div><\/article><article class=\"ugb-blog-posts__item\"><div class=\"ugb-blog-posts__content\"><figure class=\"ugb-blog-posts__featured-image ugb--shadow-2\"><a href=\"https:\/\/sigtus.com\/escola\/classe-17-numeros-cardinals-i-ordinals\/\"><img loading=\"lazy\" decoding=\"async\" width=\"800\" height=\"450\" src=\"https:\/\/sigtus.com\/escola\/wp-content\/uploads\/2021\/07\/numeros_sigtus.jpg\" class=\"attachment-large size-large wp-post-image\" alt=\"\" \/><\/a><\/figure><h3 class=\"ugb-blog-posts__title\"><a href=\"https:\/\/sigtus.com\/escola\/classe-17-numeros-cardinals-i-ordinals\/\">Classe 17. Numeros cardinals I ordinals<\/a><\/h3><div class=\"ugb-blog-posts__excerpt\"><p>En aquesta unitat estudiarem els n\u00fameros en relaci\u00f3 al temps f\u00edsic, comptar els dies, les setmanes, les quinzenes. Aprendrem a expressar i comprendre les hores del rellotge en Llengua de Signes: minuts, segons, els quarts.<\/p>\n<\/div><\/div><\/article><article class=\"ugb-blog-posts__item\"><div class=\"ugb-blog-posts__content\"><figure class=\"ugb-blog-posts__featured-image ugb--shadow-2\"><a href=\"https:\/\/sigtus.com\/escola\/classe-18-afirmacio-negacio-imperatiu-e-interrogatiu\/\"><img loading=\"lazy\" decoding=\"async\" width=\"800\" height=\"450\" src=\"https:\/\/sigtus.com\/escola\/wp-content\/uploads\/2020\/05\/classe1_sigtus.jpg\" class=\"attachment-large size-large wp-post-image\" alt=\"\" \/><\/a><\/figure><h3 class=\"ugb-blog-posts__title\"><a href=\"https:\/\/sigtus.com\/escola\/classe-18-afirmacio-negacio-imperatiu-e-interrogatiu\/\">Classe 18. Afirmaci\u00f3, negaci\u00f3, imperatiu e interrogatiu<\/a><\/h3><div class=\"ugb-blog-posts__excerpt\"><p>En aquesta unitat treballarem de forma conjunta la difer\u00e8ncia entre el tipus d&#8217;oracions afirmatives, negatives e imperatives. Aprendrem les particularitats de cada una i la manera correcta de signar-les a trav\u00e9s de diverses activitats que acompanyaran la part te\u00f2rica.<\/p>\n<\/div><\/div><\/article><article class=\"ugb-blog-posts__item\"><div class=\"ugb-blog-posts__content\"><figure class=\"ugb-blog-posts__featured-image ugb--shadow-2\"><a href=\"https:\/\/sigtus.com\/escola\/classe-19-els-classificadors-part-i\/\"><img loading=\"lazy\" decoding=\"async\" width=\"650\" height=\"366\" src=\"https:\/\/sigtus.com\/escola\/wp-content\/uploads\/2021\/07\/19_clasificadores1.jpg\" class=\"attachment-large size-large wp-post-image\" alt=\"\" \/><\/a><\/figure><h3 class=\"ugb-blog-posts__title\"><a href=\"https:\/\/sigtus.com\/escola\/classe-19-els-classificadors-part-i\/\">Classe 19. Els classificadors. Part I<\/a><\/h3><div class=\"ugb-blog-posts__excerpt\"><p>Els classificadors els estudiarem al llarg de dos unitats, ja que \u00e9s un dels temes m\u00e9s extensos de tot el tem\u00e0ri. Realitzarem una introducci\u00f3 als classificadors amb l&#8217;objectiu d&#8217;entendre el seu significat i el seu \u00fas.  <\/p>\n<\/div><\/div><\/article><article class=\"ugb-blog-posts__item\"><div class=\"ugb-blog-posts__content\"><figure class=\"ugb-blog-posts__featured-image ugb--shadow-2\"><a href=\"https:\/\/sigtus.com\/escola\/classe-20-els-classificadors-part-ii\/\"><img loading=\"lazy\" decoding=\"async\" width=\"650\" height=\"366\" src=\"https:\/\/sigtus.com\/escola\/wp-content\/uploads\/2021\/07\/20_clasificadores2.jpg\" class=\"attachment-large size-large wp-post-image\" alt=\"\" \/><\/a><\/figure><h3 class=\"ugb-blog-posts__title\"><a href=\"https:\/\/sigtus.com\/escola\/classe-20-els-classificadors-part-ii\/\">Classe 20. Els classificadors. Part II<\/a><\/h3><div class=\"ugb-blog-posts__excerpt\"><p>En aquesta unitat seguirem treballant el tema dels classificadors com a la unitat anterior, en tant que \u00e9s un tema amb una major complexitat que d&#8217;altres. Assolir el seu contingut \u00e9s  necessari per una bona adquisici\u00f3 de la Llengua de Signes.<\/p>\n<\/div><\/div><\/article><article class=\"ugb-blog-posts__item\"><div class=\"ugb-blog-posts__content\"><figure class=\"ugb-blog-posts__featured-image ugb--shadow-2\"><a href=\"https:\/\/sigtus.com\/escola\/classe-21-geografia-part-i\/\"><img loading=\"lazy\" decoding=\"async\" width=\"800\" height=\"450\" src=\"https:\/\/sigtus.com\/escola\/wp-content\/uploads\/2021\/07\/L21_classe_sigtus.jpg\" class=\"attachment-large size-large wp-post-image\" alt=\"\" \/><\/a><\/figure><h3 class=\"ugb-blog-posts__title\"><a href=\"https:\/\/sigtus.com\/escola\/classe-21-geografia-part-i\/\">Classe 21. Geografia. Part I<\/a><\/h3><div class=\"ugb-blog-posts__excerpt\"><p>Estudiarem les Comunitats Aut\u00f2nomes, les diferents ciutats i alguns pobles m\u00e9s rellevants de la geografia espanyola. Hi ha l&#8217;opci\u00f3 de treballar Catalunya de forma m\u00e9s detallada, en funci\u00f3 dels interessos dels alumnes.<\/p>\n<\/div><\/div><\/article><article class=\"ugb-blog-posts__item\"><div class=\"ugb-blog-posts__content\"><figure class=\"ugb-blog-posts__featured-image ugb--shadow-2\"><a href=\"https:\/\/sigtus.com\/escola\/classe-22-vocabulari-dalimentacio\/\"><img loading=\"lazy\" decoding=\"async\" width=\"650\" height=\"366\" src=\"https:\/\/sigtus.com\/escola\/wp-content\/uploads\/2021\/07\/22_classe_sigtus.jpg\" class=\"attachment-large size-large wp-post-image\" alt=\"\" \/><\/a><\/figure><h3 class=\"ugb-blog-posts__title\"><a href=\"https:\/\/sigtus.com\/escola\/classe-22-vocabulari-dalimentacio\/\">Classe 22. Vocabulari d&#8217;alimentaci\u00f3<\/a><\/h3><div class=\"ugb-blog-posts__excerpt\"><p>En aquesta unitat estudiarem el vocabulari relacionat amb els aliments. Abarcarem diferents grups d&#8217;aliments, com la fruita, els fruits secs, els cereals, etc\u00e9tera.<\/p>\n<\/div><\/div><\/article><article class=\"ugb-blog-posts__item\"><div class=\"ugb-blog-posts__content\"><figure class=\"ugb-blog-posts__featured-image ugb--shadow-2\"><a href=\"https:\/\/sigtus.com\/escola\/classe-23-temps-atmosferic\/\"><img loading=\"lazy\" decoding=\"async\" width=\"800\" height=\"450\" src=\"https:\/\/sigtus.com\/escola\/wp-content\/uploads\/2020\/05\/classe1_sigtus.jpg\" class=\"attachment-large size-large wp-post-image\" alt=\"\" \/><\/a><\/figure><h3 class=\"ugb-blog-posts__title\"><a href=\"https:\/\/sigtus.com\/escola\/classe-23-temps-atmosferic\/\">Classe 23. Temps atmosf\u00e8ric<\/a><\/h3><div class=\"ugb-blog-posts__excerpt\"><p>En aquesta unitat treballarem el vocabulari del temps atmosf\u00e8ric a trav\u00e9s de diverses din\u00e0miques per integrar aquest vocabulari.<\/p>\n<\/div><\/div><\/article><article class=\"ugb-blog-posts__item\"><div class=\"ugb-blog-posts__content\"><figure class=\"ugb-blog-posts__featured-image ugb--shadow-2\"><a href=\"https:\/\/sigtus.com\/escola\/classe-24-roba\/\"><img loading=\"lazy\" decoding=\"async\" width=\"800\" height=\"450\" src=\"https:\/\/sigtus.com\/escola\/wp-content\/uploads\/2020\/05\/classe1_sigtus.jpg\" class=\"attachment-large size-large wp-post-image\" alt=\"\" \/><\/a><\/figure><h3 class=\"ugb-blog-posts__title\"><a href=\"https:\/\/sigtus.com\/escola\/classe-24-roba\/\">Classe 24. Roba<\/a><\/h3><div class=\"ugb-blog-posts__excerpt\"><p>En aquesta unitat aprendrem vocabulari relacionat amb el vestir, \u00e9s a dir, a signar peces de roba de totes les estacions de l&#8217;any. Tamb\u00e9 estudiarem els signes relacionats amb la roba, com per exemple, els establiments on la podem comprar.<\/p>\n<\/div><\/div><\/article><article class=\"ugb-blog-posts__item\"><div class=\"ugb-blog-posts__content\"><figure class=\"ugb-blog-posts__featured-image ugb--shadow-2\"><a href=\"https:\/\/sigtus.com\/escola\/classe-25-neologismes\/\"><img loading=\"lazy\" decoding=\"async\" width=\"800\" height=\"450\" src=\"https:\/\/sigtus.com\/escola\/wp-content\/uploads\/2020\/05\/classe1_sigtus.jpg\" class=\"attachment-large size-large wp-post-image\" alt=\"\" \/><\/a><\/figure><h3 class=\"ugb-blog-posts__title\"><a href=\"https:\/\/sigtus.com\/escola\/classe-25-neologismes\/\">Classe 25. Neologismes<\/a><\/h3><div class=\"ugb-blog-posts__excerpt\"><p>La Llengua de Signes com a llengua viva va evolucionant e incorporant signes. Els neologismes formen part de l&#8217;evoluci\u00f3 natural del llenguatge, a una realitat nova, li pertoca un signe nou.<\/p>\n<\/div><\/div><\/article><article class=\"ugb-blog-posts__item\"><div class=\"ugb-blog-posts__content\"><figure class=\"ugb-blog-posts__featured-image ugb--shadow-2\"><a href=\"https:\/\/sigtus.com\/escola\/classe-26-esports\/\"><img loading=\"lazy\" decoding=\"async\" width=\"800\" height=\"450\" src=\"https:\/\/sigtus.com\/escola\/wp-content\/uploads\/2020\/05\/classe1_sigtus.jpg\" class=\"attachment-large size-large wp-post-image\" alt=\"\" \/><\/a><\/figure><h3 class=\"ugb-blog-posts__title\"><a href=\"https:\/\/sigtus.com\/escola\/classe-26-esports\/\">Classe 26. Esports<\/a><\/h3><div class=\"ugb-blog-posts__excerpt\"><p>En aquesta unitat aprendrem el vocabulari de diferents tipus d&#8217;esport: f\u00fatbol, b\u00e0squet, nataci\u00f3, etc\u00e9tera. Farem diversos exercicis per practicar.<\/p>\n<\/div><\/div><\/article><article class=\"ugb-blog-posts__item\"><div class=\"ugb-blog-posts__content\"><figure class=\"ugb-blog-posts__featured-image ugb--shadow-2\"><a href=\"https:\/\/sigtus.com\/escola\/classe-27-professions\/\"><img loading=\"lazy\" decoding=\"async\" width=\"800\" height=\"450\" src=\"https:\/\/sigtus.com\/escola\/wp-content\/uploads\/2020\/05\/classe1_sigtus.jpg\" class=\"attachment-large size-large wp-post-image\" alt=\"\" \/><\/a><\/figure><h3 class=\"ugb-blog-posts__title\"><a href=\"https:\/\/sigtus.com\/escola\/classe-27-professions\/\">Classe 27. Professions<\/a><\/h3><div class=\"ugb-blog-posts__excerpt\"><p>En aquesta unitat estudiarem el vocabulari de diferents professions: metge, professor, bomber, etc\u00e9tera. Farem diversos exercicis per practicar els signes.<\/p>\n<\/div><\/div><\/article><article class=\"ugb-blog-posts__item\"><div class=\"ugb-blog-posts__content\"><figure class=\"ugb-blog-posts__featured-image ugb--shadow-2\"><a href=\"https:\/\/sigtus.com\/escola\/classe-28-flora\/\"><img loading=\"lazy\" decoding=\"async\" width=\"800\" height=\"450\" src=\"https:\/\/sigtus.com\/escola\/wp-content\/uploads\/2020\/05\/classe1_sigtus.jpg\" class=\"attachment-large size-large wp-post-image\" alt=\"\" \/><\/a><\/figure><h3 class=\"ugb-blog-posts__title\"><a href=\"https:\/\/sigtus.com\/escola\/classe-28-flora\/\">Classe 28. Flora<\/a><\/h3><div class=\"ugb-blog-posts__excerpt\"><p>En aquesta unitat estudiarem el vocabulari relacionat amb les flors i altres tipus de vegetaci\u00f3 m\u00e9s comuns. Realitzarem diferents exercicis per practicar els signes.<\/p>\n<\/div><\/div><\/article><article class=\"ugb-blog-posts__item\"><div class=\"ugb-blog-posts__content\"><figure class=\"ugb-blog-posts__featured-image ugb--shadow-2\"><a href=\"https:\/\/sigtus.com\/escola\/classe-29-geografia-part-ii-europa\/\"><img loading=\"lazy\" decoding=\"async\" width=\"800\" height=\"450\" src=\"https:\/\/sigtus.com\/escola\/wp-content\/uploads\/2020\/05\/classe1_sigtus.jpg\" class=\"attachment-large size-large wp-post-image\" alt=\"\" \/><\/a><\/figure><h3 class=\"ugb-blog-posts__title\"><a href=\"https:\/\/sigtus.com\/escola\/classe-29-geografia-part-ii-europa\/\">Classe 29. Geografia. Part II: Europa<\/a><\/h3><div class=\"ugb-blog-posts__excerpt\"><p>En aquesta unitat aprendrem els signes dels pa\u00efsos que conformen Europa i les seves capitals. Farem diveros exercicis per practicar el vocabulari.<\/p>\n<\/div><\/div><\/article><article class=\"ugb-blog-posts__item\"><div class=\"ugb-blog-posts__content\"><figure class=\"ugb-blog-posts__featured-image ugb--shadow-2\"><a href=\"https:\/\/sigtus.com\/escola\/classe-30-metafores\/\"><img loading=\"lazy\" decoding=\"async\" width=\"800\" height=\"450\" src=\"https:\/\/sigtus.com\/escola\/wp-content\/uploads\/2022\/08\/30_classe_sigtus-metafores.jpg\" class=\"attachment-large size-large wp-post-image\" alt=\"\" \/><\/a><\/figure><h3 class=\"ugb-blog-posts__title\"><a href=\"https:\/\/sigtus.com\/escola\/classe-30-metafores\/\">Classe 30. Met\u00e0fores<\/a><\/h3><div class=\"ugb-blog-posts__excerpt\"><p>La Llengua de Signes t\u00e9 una gran quantitat de met\u00e0fores, de la mateixa manera que d&#8217;altres lleng\u00fces. En aquesta unitat aprendrem a signar met\u00e0fores en LSC.<\/p>\n<\/div><\/div><\/article><\/div><\/div><\/div>\n\n\n\n<p><\/p>\n","protected":false},"excerpt":{"rendered":"<p>Classes Classe 1. Presentaci\u00f3 general de la Llengua de Signes En aquesta primera unitat ens introduirem a la Llengua de Signes catalana (LSC), explicarem la seva situaci\u00f3 actual, farem refer\u00e8ncia als seus principals usuaris i explicarem les falses creences. Classe 2. La dactilologia En aquesta segona classe parlarem de la dactilologia o alfabet dactilol\u00f2gic. La [&hellip;]<\/p>\n","protected":false},"author":1,"featured_media":0,"parent":0,"menu_order":0,"comment_status":"closed","ping_status":"closed","template":"","meta":{"_genesis_hide_title":true,"_genesis_hide_breadcrumbs":false,"_genesis_hide_singular_image":false,"_genesis_hide_footer_widgets":false,"_genesis_custom_body_class":"","_genesis_custom_post_class":"","_genesis_layout":"","footnotes":""},"class_list":{"0":"post-225","1":"page","2":"type-page","3":"status-publish","5":"entry"},"featured_image_urls_v2":{"full":"","thumbnail":"","medium":"","medium_large":"","large":"","course_archive_thumbnail":"","course_single_thumbnail":"","lesson_archive_thumbnail":"","lesson_single_thumbnail":"","1536x1536":"","2048x2048":"","sidebar-featured":"","genesis-singular-images":"","Grid":"","gb-block-post-grid-landscape":"","gb-block-post-grid-square":""},"post_excerpt_stackable_v2":"<p>ClassesClasse 1. Presentaci\u00f3 general de la Llengua de SignesEn aquesta primera unitat ens introduirem a la Llengua de Signes catalana (LSC), explicarem la seva situaci\u00f3 actual, farem refer\u00e8ncia als seus principals usuaris i explicarem les falses creences. Classe 2. La dactilologiaEn aquesta segona classe parlarem de la dactilologia o alfabet dactilol\u00f2gic. La paraula dactilologia ve del grec daktilos (dits) i logia (discurs); aix\u00ed podr\u00edem definir-la com \u00abparlar amb els dits\u00bb. Classe 3. Presentaci\u00f3 personalEn aquesta tercera unitat signarem la nostra pr\u00f2pia presentaci\u00f3 personal en Lengua de Signes catalana. Realitzarem una gravaci\u00f3 per a familiaritzar-nos amb aquest recurs. Classe 4. Expressions&hellip;<\/p>\n","category_list_v2":"","author_info_v2":{"name":"Administrador","url":"https:\/\/sigtus.com\/escola\/author\/leztisaicam\/"},"comments_num_v2":"0 comentarios","featured_image_src":null,"featured_image_src_square":null,"_links":{"self":[{"href":"https:\/\/sigtus.com\/escola\/wp-json\/wp\/v2\/pages\/225","targetHints":{"allow":["GET"]}}],"collection":[{"href":"https:\/\/sigtus.com\/escola\/wp-json\/wp\/v2\/pages"}],"about":[{"href":"https:\/\/sigtus.com\/escola\/wp-json\/wp\/v2\/types\/page"}],"author":[{"embeddable":true,"href":"https:\/\/sigtus.com\/escola\/wp-json\/wp\/v2\/users\/1"}],"replies":[{"embeddable":true,"href":"https:\/\/sigtus.com\/escola\/wp-json\/wp\/v2\/comments?post=225"}],"version-history":[{"count":18,"href":"https:\/\/sigtus.com\/escola\/wp-json\/wp\/v2\/pages\/225\/revisions"}],"predecessor-version":[{"id":1089,"href":"https:\/\/sigtus.com\/escola\/wp-json\/wp\/v2\/pages\/225\/revisions\/1089"}],"wp:attachment":[{"href":"https:\/\/sigtus.com\/escola\/wp-json\/wp\/v2\/media?parent=225"}],"curies":[{"name":"wp","href":"https:\/\/api.w.org\/{rel}","templated":true}]}}