{"id":54,"date":"2021-07-12T17:13:56","date_gmt":"2021-07-12T17:13:56","guid":{"rendered":"https:\/\/sigtus.com\/escola\/?page_id=54"},"modified":"2025-04-17T18:47:12","modified_gmt":"2025-04-17T18:47:12","slug":"54-2","status":"publish","type":"page","link":"https:\/\/sigtus.com\/escola\/","title":{"rendered":""},"content":{"rendered":"\n<p><\/p>\n\n\n\n<div class=\"alignwide wp-block-ugb-feature ugb-feature ugb-69bef73 ugb-feature--v2 ugb-feature--design-plain ugb-main-block\"><style>.ugb-69bef73 .ugb-img{border-radius:0px}.ugb-69bef73 .ugb-feature__title{font-family:\"Merriweather\",Sans-serif !important;font-size:47px !important;font-weight:700 !important;color:#222222;text-align:left;margin-bottom:31px !important}.ugb-69bef73 .ugb-feature__description{font-family:\"PT Sans\",Sans-serif !important;font-size:20px !important;font-weight:normal !important;text-align:left;margin-bottom:30px !important}.ugb-69bef73 .ugb-button .ugb-button--inner{font-family:\"Lato\",Sans-serif !important}.ugb-69bef73 .ugb-button{background-color:#671a9a;padding-top:13px;padding-right:35px;padding-bottom:13px;padding-left:35px;border-radius:100px !important}.ugb-69bef73 .ugb-button .ugb-button--inner,.ugb-69bef73 .ugb-button svg:not(.ugb-custom-icon){color:#ffffff !important}.ugb-69bef73 .ugb-button:before{border-radius:100px !important}.ugb-69bef73 .ugb-button-container{text-align:left !important}.ugb-69bef73 .ugb-inner-block{text-align:center}@media screen and (min-width:768px){.ugb-69bef73 .ugb-feature__item{grid-template-columns:0.84fr 1.16fr !important}.ugb-69bef73 .ugb-img{border-radius:0px;width:850px;height:auto !important}}<\/style><div class=\"ugb-inner-block\"><div class=\"ugb-block-content\"><div class=\"ugb-feature__item\"><div class=\"ugb-feature__content\"><h2 class=\"ugb-feature__title\">Escola online de Llengua de Signes Catalana<\/h2><p class=\"ugb-feature__description\">Apr\u00e8n a comunicar-te en una llengua visual y creativa. Suma&#8217;t a construir un m\u00f3n m\u00e9s accessible trencant barreres de comunicaci\u00f3.<\/p><div class=\"ugb-button-container\"><a class=\"ugb-button ugb-button--size-normal ugb--hover-effect-scale\" href=\"https:\/\/sigtus.com\/escola\/subscripcio\/\" rel=\"\" title=\"\"><span class=\"ugb-button--inner\">SUBSCRIU-TE<\/span><\/a><\/div><\/div><div class=\"ugb-feature__image-side\"><img decoding=\"async\" class=\"ugb-feature__image ugb-img wp-image-70\" src=\"https:\/\/sigtus.com\/escola\/wp-content\/uploads\/2021\/07\/sigtus-escola-LSC1.jpg\" alt=\"\" title=\"\" height=\"567\" srcset=\"https:\/\/sigtus.com\/escola\/wp-content\/uploads\/2021\/07\/sigtus-escola-LSC1.jpg 850w, https:\/\/sigtus.com\/escola\/wp-content\/uploads\/2021\/07\/sigtus-escola-LSC1-300x200.jpg 300w, https:\/\/sigtus.com\/escola\/wp-content\/uploads\/2021\/07\/sigtus-escola-LSC1-768x512.jpg 768w, https:\/\/sigtus.com\/escola\/wp-content\/uploads\/2021\/07\/sigtus-escola-LSC1-600x400.jpg 600w\" sizes=\"(max-width: 850px) 100vw, 850px\" \/><\/div><\/div><\/div><\/div><\/div>\n\n\n\n<div style=\"height:100px\" aria-hidden=\"true\" class=\"wp-block-spacer\"><\/div>\n\n\n\n<div class=\"alignfull wp-block-ugb-text ugb-text ugb-5529727 ugb-text--design-side-title-1 ugb-text--columns-1 ugb-text--has-rule ugb-main-block ugb--has-custom-content-width ugb-main-block--inner-wide ugb--has-block-background ugb--has-top-separator\"><style>.ugb-5529727 .ugb-text__rule{background:#f3f3f3 !important}.ugb-5529727 .ugb-text__title{color:var(--stk-global-color-88711,#313131);font-family:\"Merriweather\",Sans-serif !important;font-size:36px !important}.ugb-5529727 .ugb-text__text p{font-family:\"PT Sans\",Sans-serif !important;font-size:20px !important;color:var(--stk-global-color-88711,#313131)}.ugb-5529727.ugb-text{min-height:667px;background-color:#f8f8f8}.ugb-5529727.ugb-text > .ugb-inner-block{min-width:auto !important;max-width:1000px !important}.ugb-5529727.ugb-text:before{background-color:#f8f8f8}.ugb-5529727 .ugb-top-separator{transform:scale(-1)}.ugb-5529727 .ugb-top-separator .ugb-separator-wrapper{transform:scaleX(1)}@media screen and (min-width:768px){.ugb-5529727.ugb-text{margin-top:-100px !important;margin-bottom:0px !important;padding-top:5% !important;padding-right:5% !important;padding-bottom:5% !important;padding-left:5% !important}.ugb-5529727 .ugb-top-separator .ugb-separator-wrapper{height:120px}}@media screen and (min-width:768px) and (max-width:1025px){.ugb-5529727.ugb-text{margin-top:-100px !important}}@media screen and (max-width:768px){.ugb-5529727.ugb-text{margin-top:-100px !important}}@media screen and (-ms-high-contrast:active),screen and (-ms-high-contrast:none){.ugb-5529727.ugb-text{height:667px}}<\/style><div class=\"ugb-top-separator\"><div class=\"ugb-separator-wrapper\"><svg xmlns=\"http:\/\/www.w3.org\/2000\/svg\" viewBox=\"0 0 1600 200\" class=\"ugb-separator__layer-1\" preserveAspectRatio=\"none\" aria-hidden=\"true\"><path class=\"slant-1_svg__st2\" d=\"M-10 210h1620V.5L-10 183.9z\"><\/path><\/svg><\/div><\/div><div class=\"ugb-inner-block ugb-inner-block--wide\"><div class=\"ugb-block-content\"><div class=\"ugb-text__title-wrapper\"><h3 class=\"ugb-text__title\"><br><br>Apr\u00e8n f\u00e0cil,<br>des de zero i pas a pas<br><\/h3><\/div><div class=\"ugb-text__text-wrapper\"><div class=\"ugb-text__text\"><p class=\"ugb-text__text-1\"><br><br>Estudia des de casa amb continguts ben organitzats i materials d&#8217;estudi inclosos. Tindr\u00e0s l&#8217;ajuda personalitzada d&#8217;un docent que corretgir\u00e0 els teus exercicis pr\u00e0ctics. A m\u00e9s, assistir\u00e0s a classes de conversa amb professors nadius de la Llengua de Signes.<br><\/p><\/div><\/div><\/div><\/div><\/div>\n\n\n\n<div style=\"height:39px\" aria-hidden=\"true\" class=\"wp-block-spacer\"><\/div>\n\n\n\n<div class=\"alignwide wp-block-ugb-feature-grid ugb-feature-grid ugb-31738d0 ugb-feature-grid--v2 ugb-feature-grid--columns-3 ugb-feature-grid--design-plain ugb-main-block ugb--has-custom-content-width ugb--has-bottom-separator\"><style>.ugb-31738d0 .ugb-img{width:85px;height:auto !important}.ugb-31738d0 .ugb-feature-grid__title{margin-bottom:25px !important}.ugb-31738d0 .ugb-feature-grid__description{margin-bottom:0px !important}.ugb-31738d0 .ugb-feature-grid__image{margin-bottom:18px !important}.ugb-31738d0.ugb-feature-grid{min-height:394px}.ugb-31738d0.ugb-feature-grid > .ugb-inner-block{max-width:1031px !important}.ugb-31738d0 .ugb-bottom-separator{z-index:6}.ugb-31738d0 .ugb-bottom-separator .ugb-separator-wrapper{transform:scaleX(1)}@media screen and (min-width:768px){.ugb-31738d0.ugb-feature-grid{margin-top:91px !important;margin-bottom:0px !important;padding-bottom:96px !important}.ugb-31738d0 .ugb-bottom-separator .ugb-separator-wrapper{height:30px}}@media screen and (min-width:768px) and (max-width:1025px){.ugb-31738d0.ugb-feature-grid{padding-bottom:0px !important}}@media screen and (max-width:768px){.ugb-31738d0.ugb-feature-grid{margin-bottom:-62px !important}}@media screen and (-ms-high-contrast:active),screen and (-ms-high-contrast:none){.ugb-31738d0.ugb-feature-grid{height:394px}}<\/style><div class=\"ugb-bottom-separator\"><div class=\"ugb-separator-wrapper\"><svg xmlns=\"http:\/\/www.w3.org\/2000\/svg\" viewBox=\"0 0 1600 200\" class=\"ugb-separator__layer-1\" preserveAspectRatio=\"none\" aria-hidden=\"true\"><path d=\"M-10 210h1620V105.2H-10z\"><\/path><\/svg><\/div><\/div><div class=\"ugb-inner-block\"><div class=\"ugb-block-content\"><div class=\"ugb-feature-grid__item ugb-feature-grid__item1\"><div class=\"ugb-feature-grid__image\"><img decoding=\"async\" class=\"ugb-img wp-image-121\" src=\"https:\/\/sigtus.com\/escola\/wp-content\/uploads\/2021\/07\/videos_sigtus.png\" alt=\"Feature 1\" title=\"\" width=\"85\"\/><\/div><div class=\"ugb-feature-grid__content\"><h4 class=\"ugb-feature-grid__title\">Classes en format v\u00eddeo<\/h4><p class=\"ugb-feature-grid__description\">Classes pr\u00e0ctiques i exercicis en v\u00eddeo on el professor t&#8217;explica pas a pas.<\/p><\/div><\/div><div class=\"ugb-feature-grid__item ugb-feature-grid__item2\"><div class=\"ugb-feature-grid__image\"><img decoding=\"async\" class=\"ugb-img wp-image-127\" src=\"https:\/\/sigtus.com\/escola\/wp-content\/uploads\/2021\/07\/clase_nuevas_sigtus.png\" alt=\"Feature 2\" title=\"\" width=\"85\" srcset=\"https:\/\/sigtus.com\/escola\/wp-content\/uploads\/2021\/07\/clase_nuevas_sigtus.png 128w, https:\/\/sigtus.com\/escola\/wp-content\/uploads\/2021\/07\/clase_nuevas_sigtus-75x75.png 75w\" sizes=\"(max-width: 128px) 100vw, 128px\" \/><\/div><div class=\"ugb-feature-grid__content\"><h4 class=\"ugb-feature-grid__title\">Nous continguts cada setmana<\/h4><p class=\"ugb-feature-grid__description\">Cada setmana pugem nous continguts. Sempre tindr\u00e0s materials per seguir aprenent.<\/p><\/div><\/div><div class=\"ugb-feature-grid__item ugb-feature-grid__item3\"><div class=\"ugb-feature-grid__image\"><img decoding=\"async\" class=\"ugb-img wp-image-123\" src=\"https:\/\/sigtus.com\/escola\/wp-content\/uploads\/2021\/07\/webinar_sigtus.png\" alt=\"Feature 3\" title=\"\" width=\"85\" srcset=\"https:\/\/sigtus.com\/escola\/wp-content\/uploads\/2021\/07\/webinar_sigtus.png 128w, https:\/\/sigtus.com\/escola\/wp-content\/uploads\/2021\/07\/webinar_sigtus-75x75.png 75w\" sizes=\"(max-width: 128px) 100vw, 128px\" \/><\/div><div class=\"ugb-feature-grid__content\"><h4 class=\"ugb-feature-grid__title\">Classes en directe<\/h4><p class=\"ugb-feature-grid__description\">Assistir\u00e0s a classes en directe on podr\u00e0s practicar la Llengua de Signes amb el professor i els teus companys.<\/p><\/div><\/div><\/div><\/div><\/div>\n\n\n\n<div style=\"height:100px\" aria-hidden=\"true\" class=\"wp-block-spacer\"><\/div>\n\n\n\n<div class=\"wp-block-genesis-blocks-gb-columns gb-layout-service-3 gb-layout-columns-2 gb-2-col-wideleft gb-has-custom-background-color gb-columns-center alignfull\" style=\"padding-top:15%;padding-right:5%;padding-bottom:15%;padding-left:5%;background-color:#f8f8f8\"><div class=\"gb-layout-column-wrap gb-block-layout-column-gap-5 gb-is-responsive-column\" style=\"max-width:1200px\">\n<div class=\"wp-block-genesis-blocks-gb-column gb-block-layout-column\"><div class=\"gb-block-layout-column-inner\">\n<figure class=\"wp-block-image size-full\"><img loading=\"lazy\" decoding=\"async\" width=\"1024\" height=\"576\" src=\"https:\/\/sigtus.com\/escola\/wp-content\/uploads\/2021\/09\/imagen-videos-sigtus.jpg\" alt=\"\" class=\"wp-image-583\" srcset=\"https:\/\/sigtus.com\/escola\/wp-content\/uploads\/2021\/09\/imagen-videos-sigtus.jpg 1024w, https:\/\/sigtus.com\/escola\/wp-content\/uploads\/2021\/09\/imagen-videos-sigtus-300x169.jpg 300w, https:\/\/sigtus.com\/escola\/wp-content\/uploads\/2021\/09\/imagen-videos-sigtus-768x432.jpg 768w\" sizes=\"auto, (max-width: 1024px) 100vw, 1024px\" \/><\/figure>\n<\/div><\/div>\n\n\n\n<div class=\"wp-block-genesis-blocks-gb-column gb-block-layout-column gb-is-vertically-aligned-center\"><div class=\"gb-block-layout-column-inner\">\n<h2 class=\"wp-block-heading\">A Sigtus podr\u00e0s estudiar d\u2019una forma flexible, propera i fresca&#8230;<br><\/h2>\n\n\n\n<div style=\"height:18px\" aria-hidden=\"true\" class=\"wp-block-spacer\"><\/div>\n\n\n\n<p>No et quedis amb la curiositat i viu l\u2019experi\u00e8ncia de comunicar-te en una llengua visual i creativa. Cada setmana tindr\u00e0s nous continguts d\u2019estudi i exercicis, cada mes programarem sessions en directe de conversa amb professors nadius de la Llengua de Signes, podr\u00e0s enviar v\u00eddeos privats amb exercicis que seran corretgits amb el mateix format pel docent.<\/p>\n\n\n\n<div style=\"height:17px\" aria-hidden=\"true\" class=\"wp-block-spacer\"><\/div>\n\n\n\n<div class=\"wp-block-buttons is-layout-flex wp-block-buttons-is-layout-flex\">\n<div class=\"wp-block-button gb-block-button\"><a class=\"wp-block-button__link has-text-color has-background has-custom-font-size wp-element-button\" href=\"https:\/\/sigtus.com\/escola\/subscripcio\/\" style=\"border-radius:5px;color:#ffffff;background-color:#671a9a;padding-top:10px;padding-right:1em;padding-bottom:10px;padding-left:1em;font-size:20px;line-height:1.2\">Vull comen\u00e7ar a aprendre!<\/a><\/div>\n<\/div>\n\n\n\n<p><\/p>\n<\/div><\/div>\n<\/div><\/div>\n\n\n\n<div style=\"height:162px\" aria-hidden=\"true\" class=\"wp-block-spacer\"><\/div>\n\n\n\n<h2 class=\"wp-block-heading has-text-align-center\" style=\"font-size:50px\">Classes<\/h2>\n\n\n\n<div style=\"height:28px\" aria-hidden=\"true\" class=\"wp-block-spacer\"><\/div>\n\n\n<section class=\"gb-block-post-grid featuredpost alignwide\"><div class=\"gb-post-grid-items is-grid columns-3\"><article id=\"post-18\" class=\"gb-post-grid-item post-18 post type-post status-publish format-standard has-post-thumbnail category-classes entry\"><div class=\"gb-block-post-grid-image\"><a href=\"https:\/\/sigtus.com\/escola\/1-presentacio-general-de-la-llengua-de-signes\/\" rel=\"bookmark\" aria-hidden=\"true\" tabindex=\"-1\"><img loading=\"lazy\" decoding=\"async\" width=\"800\" height=\"450\" src=\"https:\/\/sigtus.com\/escola\/wp-content\/uploads\/2020\/05\/1_classe_sigtus.jpg\" class=\"attachment-full size-full\" alt=\"\" srcset=\"https:\/\/sigtus.com\/escola\/wp-content\/uploads\/2020\/05\/1_classe_sigtus.jpg 800w, https:\/\/sigtus.com\/escola\/wp-content\/uploads\/2020\/05\/1_classe_sigtus-300x169.jpg 300w, https:\/\/sigtus.com\/escola\/wp-content\/uploads\/2020\/05\/1_classe_sigtus-768x432.jpg 768w\" sizes=\"auto, (max-width: 800px) 100vw, 800px\" \/><\/a><\/div><div class=\"gb-block-post-grid-text\"><header class=\"gb-block-post-grid-header\"><h3 class=\"gb-block-post-grid-title\"><a href=\"https:\/\/sigtus.com\/escola\/1-presentacio-general-de-la-llengua-de-signes\/\" rel=\"bookmark\">Classe 1. Presentaci\u00f3 general de la Llengua de Signes<\/a><\/h3><div class=\"gb-block-post-grid-byline\"><\/div><\/header><div class=\"gb-block-post-grid-excerpt\"><p>En aquesta primera unitat ens introduirem a la Llengua de Signes catalana (LSC), explicarem la seva situaci\u00f3 actual, farem refer\u00e8ncia als seus principals usuaris i explicarem les falses creences.<\/p>\n<\/div><\/div><\/article>\n<article id=\"post-21\" class=\"gb-post-grid-item post-21 post type-post status-publish format-standard has-post-thumbnail category-classes entry\"><div class=\"gb-block-post-grid-image\"><a href=\"https:\/\/sigtus.com\/escola\/2-la-dactilologia\/\" rel=\"bookmark\" aria-hidden=\"true\" tabindex=\"-1\"><img loading=\"lazy\" decoding=\"async\" width=\"800\" height=\"450\" src=\"https:\/\/sigtus.com\/escola\/wp-content\/uploads\/2020\/05\/2_classe_sigtus.jpg\" class=\"attachment-full size-full\" alt=\"\" srcset=\"https:\/\/sigtus.com\/escola\/wp-content\/uploads\/2020\/05\/2_classe_sigtus.jpg 800w, https:\/\/sigtus.com\/escola\/wp-content\/uploads\/2020\/05\/2_classe_sigtus-300x169.jpg 300w, https:\/\/sigtus.com\/escola\/wp-content\/uploads\/2020\/05\/2_classe_sigtus-768x432.jpg 768w\" sizes=\"auto, (max-width: 800px) 100vw, 800px\" \/><\/a><\/div><div class=\"gb-block-post-grid-text\"><header class=\"gb-block-post-grid-header\"><h3 class=\"gb-block-post-grid-title\"><a href=\"https:\/\/sigtus.com\/escola\/2-la-dactilologia\/\" rel=\"bookmark\">Classe 2. La dactilologia<\/a><\/h3><div class=\"gb-block-post-grid-byline\"><\/div><\/header><div class=\"gb-block-post-grid-excerpt\"><p>En aquesta segona classe parlarem de la dactilologia o alfabet dactilol\u00f2gic. La paraula dactilologia ve del grec daktilos (dits) i logia (discurs); aix\u00ed podr\u00edem definir-la com \u00abparlar amb els dits\u00bb. <\/p>\n<\/div><\/div><\/article>\n<article id=\"post-222\" class=\"gb-post-grid-item post-222 post type-post status-publish format-standard has-post-thumbnail category-classes entry\"><div class=\"gb-block-post-grid-image\"><a href=\"https:\/\/sigtus.com\/escola\/classe-3-presentacio-personal\/\" rel=\"bookmark\" aria-hidden=\"true\" tabindex=\"-1\"><img loading=\"lazy\" decoding=\"async\" width=\"800\" height=\"450\" src=\"https:\/\/sigtus.com\/escola\/wp-content\/uploads\/2021\/07\/3_classe_sigtus.jpg\" class=\"attachment-full size-full\" alt=\"\" srcset=\"https:\/\/sigtus.com\/escola\/wp-content\/uploads\/2021\/07\/3_classe_sigtus.jpg 800w, https:\/\/sigtus.com\/escola\/wp-content\/uploads\/2021\/07\/3_classe_sigtus-300x169.jpg 300w, https:\/\/sigtus.com\/escola\/wp-content\/uploads\/2021\/07\/3_classe_sigtus-768x432.jpg 768w\" sizes=\"auto, (max-width: 800px) 100vw, 800px\" \/><\/a><\/div><div class=\"gb-block-post-grid-text\"><header class=\"gb-block-post-grid-header\"><h3 class=\"gb-block-post-grid-title\"><a href=\"https:\/\/sigtus.com\/escola\/classe-3-presentacio-personal\/\" rel=\"bookmark\">Classe 3. Presentaci\u00f3 personal<\/a><\/h3><div class=\"gb-block-post-grid-byline\"><\/div><\/header><div class=\"gb-block-post-grid-excerpt\"><p>En aquesta tercera unitat signarem la nostra pr\u00f2pia presentaci\u00f3 personal en Lengua de Signes catalana. Realitzarem una gravaci\u00f3 per a familiaritzar-nos amb aquest recurs.<\/p>\n<\/div><\/div><\/article>\n<article id=\"post-245\" class=\"gb-post-grid-item post-245 post type-post status-publish format-standard has-post-thumbnail category-classes entry\"><div class=\"gb-block-post-grid-image\"><a href=\"https:\/\/sigtus.com\/escola\/classe-4-expressions-facials\/\" rel=\"bookmark\" aria-hidden=\"true\" tabindex=\"-1\"><img loading=\"lazy\" decoding=\"async\" width=\"800\" height=\"450\" src=\"https:\/\/sigtus.com\/escola\/wp-content\/uploads\/2021\/07\/4_classe_sigtus.jpg\" class=\"attachment-full size-full\" alt=\"\" srcset=\"https:\/\/sigtus.com\/escola\/wp-content\/uploads\/2021\/07\/4_classe_sigtus.jpg 800w, https:\/\/sigtus.com\/escola\/wp-content\/uploads\/2021\/07\/4_classe_sigtus-300x169.jpg 300w, https:\/\/sigtus.com\/escola\/wp-content\/uploads\/2021\/07\/4_classe_sigtus-768x432.jpg 768w\" sizes=\"auto, (max-width: 800px) 100vw, 800px\" \/><\/a><\/div><div class=\"gb-block-post-grid-text\"><header class=\"gb-block-post-grid-header\"><h3 class=\"gb-block-post-grid-title\"><a href=\"https:\/\/sigtus.com\/escola\/classe-4-expressions-facials\/\" rel=\"bookmark\">Classe 4. Expressions facials<\/a><\/h3><div class=\"gb-block-post-grid-byline\"><\/div><\/header><div class=\"gb-block-post-grid-excerpt\"><p>Aquesta unitat est\u00e0 composta de dos blocs. En primer lloc aprendrem la import\u00e0ncia de l&#8217;expressi\u00f3 facial com a element ling\u00fc\u00edstic de la Llengua de Signes. Treballarem diferents expressions facials relacionades amb emocions o estats d&#8217;\u00e0nim.<\/p>\n<\/div><\/div><\/article>\n<article id=\"post-249\" class=\"gb-post-grid-item post-249 post type-post status-publish format-standard has-post-thumbnail category-classes entry\"><div class=\"gb-block-post-grid-image\"><a href=\"https:\/\/sigtus.com\/escola\/classe-5-pronoms-personals-i-determinants\/\" rel=\"bookmark\" aria-hidden=\"true\" tabindex=\"-1\"><img loading=\"lazy\" decoding=\"async\" width=\"800\" height=\"450\" src=\"https:\/\/sigtus.com\/escola\/wp-content\/uploads\/2021\/07\/5_classe_sigtus.jpg\" class=\"attachment-full size-full\" alt=\"\" srcset=\"https:\/\/sigtus.com\/escola\/wp-content\/uploads\/2021\/07\/5_classe_sigtus.jpg 800w, https:\/\/sigtus.com\/escola\/wp-content\/uploads\/2021\/07\/5_classe_sigtus-300x169.jpg 300w, https:\/\/sigtus.com\/escola\/wp-content\/uploads\/2021\/07\/5_classe_sigtus-768x432.jpg 768w\" sizes=\"auto, (max-width: 800px) 100vw, 800px\" \/><\/a><\/div><div class=\"gb-block-post-grid-text\"><header class=\"gb-block-post-grid-header\"><h3 class=\"gb-block-post-grid-title\"><a href=\"https:\/\/sigtus.com\/escola\/classe-5-pronoms-personals-i-determinants\/\" rel=\"bookmark\">Classe 5. Pronoms personals I determinants<\/a><\/h3><div class=\"gb-block-post-grid-byline\"><\/div><\/header><div class=\"gb-block-post-grid-excerpt\"><p>En aquesta cinquena unitat estudiarem els pronoms personals i determinants en Llengua de Signes Catalana a trav\u00e9s de diversos exercicis que proposarem a classe. <\/p>\n<\/div><\/div><\/article>\n<article id=\"post-251\" class=\"gb-post-grid-item post-251 post type-post status-publish format-standard has-post-thumbnail category-classes entry\"><div class=\"gb-block-post-grid-image\"><a href=\"https:\/\/sigtus.com\/escola\/classe-6-genere-i-ordre-basic-dels-signes\/\" rel=\"bookmark\" aria-hidden=\"true\" tabindex=\"-1\"><img loading=\"lazy\" decoding=\"async\" width=\"800\" height=\"450\" src=\"https:\/\/sigtus.com\/escola\/wp-content\/uploads\/2021\/07\/6_classe_sigtus.jpg\" class=\"attachment-full size-full\" alt=\"\" srcset=\"https:\/\/sigtus.com\/escola\/wp-content\/uploads\/2021\/07\/6_classe_sigtus.jpg 800w, https:\/\/sigtus.com\/escola\/wp-content\/uploads\/2021\/07\/6_classe_sigtus-300x169.jpg 300w, https:\/\/sigtus.com\/escola\/wp-content\/uploads\/2021\/07\/6_classe_sigtus-768x432.jpg 768w\" sizes=\"auto, (max-width: 800px) 100vw, 800px\" \/><\/a><\/div><div class=\"gb-block-post-grid-text\"><header class=\"gb-block-post-grid-header\"><h3 class=\"gb-block-post-grid-title\"><a href=\"https:\/\/sigtus.com\/escola\/classe-6-genere-i-ordre-basic-dels-signes\/\" rel=\"bookmark\">Classe 6. G\u00e8nere i ordre b\u00e0sic dels signes<\/a><\/h3><div class=\"gb-block-post-grid-byline\"><\/div><\/header><div class=\"gb-block-post-grid-excerpt\"><p>Explicarem com s&#8217;indica el g\u00e8nere femen\u00ed i mascul\u00ed i estudiarem l&#8217;odre b\u00e0sic (estructura) dels signes en les oracions. La treballarem tant de forma te\u00f2rica com pr\u00e0ctica. <\/p>\n<\/div><\/div><\/article>\n<article id=\"post-253\" class=\"gb-post-grid-item post-253 post type-post status-publish format-standard has-post-thumbnail category-classes entry\"><div class=\"gb-block-post-grid-image\"><a href=\"https:\/\/sigtus.com\/escola\/classe-7-salutacions-i-presentacions\/\" rel=\"bookmark\" aria-hidden=\"true\" tabindex=\"-1\"><img loading=\"lazy\" decoding=\"async\" width=\"800\" height=\"450\" src=\"https:\/\/sigtus.com\/escola\/wp-content\/uploads\/2021\/07\/7_classe_sigtus.jpg\" class=\"attachment-full size-full\" alt=\"\" srcset=\"https:\/\/sigtus.com\/escola\/wp-content\/uploads\/2021\/07\/7_classe_sigtus.jpg 800w, https:\/\/sigtus.com\/escola\/wp-content\/uploads\/2021\/07\/7_classe_sigtus-300x169.jpg 300w, https:\/\/sigtus.com\/escola\/wp-content\/uploads\/2021\/07\/7_classe_sigtus-768x432.jpg 768w\" sizes=\"auto, (max-width: 800px) 100vw, 800px\" \/><\/a><\/div><div class=\"gb-block-post-grid-text\"><header class=\"gb-block-post-grid-header\"><h3 class=\"gb-block-post-grid-title\"><a href=\"https:\/\/sigtus.com\/escola\/classe-7-salutacions-i-presentacions\/\" rel=\"bookmark\">Classe 7. Salutacions i presentacions<\/a><\/h3><div class=\"gb-block-post-grid-byline\"><\/div><\/header><div class=\"gb-block-post-grid-excerpt\"><p>Aprendrem a signar les salutacions m\u00e9s comunes en Llengua de Signes Catalana, com per exemple: bon dia, bona tarda, etc\u00e9tera.  Estudiarem els signes necessaris per a iniciar un di\u00e0leg en LSC<\/p>\n<\/div><\/div><\/article>\n<article id=\"post-256\" class=\"gb-post-grid-item post-256 post type-post status-publish format-standard has-post-thumbnail category-classes entry\"><div class=\"gb-block-post-grid-image\"><a href=\"https:\/\/sigtus.com\/escola\/classe-8-vocabulari-de-temps\/\" rel=\"bookmark\" aria-hidden=\"true\" tabindex=\"-1\"><img loading=\"lazy\" decoding=\"async\" width=\"800\" height=\"450\" src=\"https:\/\/sigtus.com\/escola\/wp-content\/uploads\/2021\/07\/8_classe_sigtus.jpg\" class=\"attachment-full size-full\" alt=\"\" srcset=\"https:\/\/sigtus.com\/escola\/wp-content\/uploads\/2021\/07\/8_classe_sigtus.jpg 800w, https:\/\/sigtus.com\/escola\/wp-content\/uploads\/2021\/07\/8_classe_sigtus-300x169.jpg 300w, https:\/\/sigtus.com\/escola\/wp-content\/uploads\/2021\/07\/8_classe_sigtus-768x432.jpg 768w\" sizes=\"auto, (max-width: 800px) 100vw, 800px\" \/><\/a><\/div><div class=\"gb-block-post-grid-text\"><header class=\"gb-block-post-grid-header\"><h3 class=\"gb-block-post-grid-title\"><a href=\"https:\/\/sigtus.com\/escola\/classe-8-vocabulari-de-temps\/\" rel=\"bookmark\">Classe 8. Vocabulari de temps<\/a><\/h3><div class=\"gb-block-post-grid-byline\"><\/div><\/header><div class=\"gb-block-post-grid-excerpt\"><p>En aquesta tercera unitat, aprendrem tot all\u00f2 relacionat amb el temps (excepte les hores, que les estudiarem en una altra unitat).<\/p>\n<\/div><\/div><\/article>\n<article id=\"post-258\" class=\"gb-post-grid-item post-258 post type-post status-publish format-standard has-post-thumbnail category-classes entry\"><div class=\"gb-block-post-grid-image\"><a href=\"https:\/\/sigtus.com\/escola\/classe-9-vocabulari-de-colors\/\" rel=\"bookmark\" aria-hidden=\"true\" tabindex=\"-1\"><img loading=\"lazy\" decoding=\"async\" width=\"800\" height=\"450\" src=\"https:\/\/sigtus.com\/escola\/wp-content\/uploads\/2021\/07\/9_classe_sigtus.jpg\" class=\"attachment-full size-full\" alt=\"\" srcset=\"https:\/\/sigtus.com\/escola\/wp-content\/uploads\/2021\/07\/9_classe_sigtus.jpg 800w, https:\/\/sigtus.com\/escola\/wp-content\/uploads\/2021\/07\/9_classe_sigtus-300x169.jpg 300w, https:\/\/sigtus.com\/escola\/wp-content\/uploads\/2021\/07\/9_classe_sigtus-768x432.jpg 768w\" sizes=\"auto, (max-width: 800px) 100vw, 800px\" \/><\/a><\/div><div class=\"gb-block-post-grid-text\"><header class=\"gb-block-post-grid-header\"><h3 class=\"gb-block-post-grid-title\"><a href=\"https:\/\/sigtus.com\/escola\/classe-9-vocabulari-de-colors\/\" rel=\"bookmark\">Classe 9. Vocabulari de colors<\/a><\/h3><div class=\"gb-block-post-grid-byline\"><\/div><\/header><div class=\"gb-block-post-grid-excerpt\"><p>Aquesta unitat est\u00e0 composta d&#8217;una tem\u00e0tica molt espec\u00edfica. Aprendrem a signar tots els colors en Llengua de Signes Catalana, realitzant diversos exercicis i din\u00e0miques que ens ajudaran ampliar el nostre vocabulari.<\/p>\n<\/div><\/div><\/article>\n<\/div><\/section>\n\n\n<div class=\"wp-block-buttons is-content-justification-center is-layout-flex wp-container-core-buttons-is-layout-16018d1d wp-block-buttons-is-layout-flex\">\n<div class=\"wp-block-button gb-block-button\"><a class=\"wp-block-button__link has-text-color has-background has-custom-font-size wp-element-button\" href=\"https:\/\/sigtus.com\/escola\/classes\/\" style=\"border-radius:5px;color:#ffffff;background-color:#7a7a7a;padding-top:10px;padding-right:1.2em;padding-bottom:10px;padding-left:1.2em;font-size:26px;line-height:1.8\">Veure m\u00e9s classes<\/a><\/div>\n<\/div>\n\n\n\n<div style=\"height:152px\" aria-hidden=\"true\" class=\"wp-block-spacer\"><\/div>\n\n\n\n<h2 class=\"wp-block-heading has-text-align-center\" style=\"font-size:35px\">Per qu\u00e8 estudiar Llengua de Signes a Sigtus?<\/h2>\n\n\n\n<figure class=\"wp-block-embed is-type-video is-provider-vimeo wp-block-embed-vimeo wp-embed-aspect-16-9 wp-has-aspect-ratio\"><div class=\"wp-block-embed__wrapper\">\n<iframe loading=\"lazy\" title=\"video-home-sigtus-op.m4v\" src=\"https:\/\/player.vimeo.com\/video\/597616966?dnt=1&amp;app_id=122963\" width=\"500\" height=\"281\" frameborder=\"0\" allow=\"autoplay; fullscreen; picture-in-picture; clipboard-write; encrypted-media\"><\/iframe>\n<\/div><\/figure>\n\n\n\n<div style=\"height:133px\" aria-hidden=\"true\" class=\"wp-block-spacer\"><\/div>\n\n\n\n<div class=\"alignfull wp-block-ugb-icon-list ugb-icon-list ugb-f473844 ugb-icon-list--v2 ugb-main-block ugb--has-custom-content-width ugb-main-block--inner-wide ugb--has-block-background\"><style>.ugb-f473844 li{font-family:\"Lato\",Sans-serif !important}.ugb-f473844 li::before{background-image:url('data:image\/svg+xml;base64,PHN2ZyBkYXRhLXByZWZpeD0iZmFzIiBkYXRhLWljb249ImNoZXZyb24tY2lyY2xlLXJpZ2h0IiBjbGFzcz0ic3ZnLWlubGluZS0tZmEgZmEtY2hldnJvbi1jaXJjbGUtcmlnaHQgZmEtdy0xNiIgcm9sZT0iaW1nIiB4bWxucz0iaHR0cDovL3d3dy53My5vcmcvMjAwMC9zdmciIHZpZXdCb3g9IjAgMCA1MTIgNTEyIiBzdHlsZT0iZmlsbDogIzY3MWE5YSAhaW1wb3J0YW50OyBjb2xvcjogIzY3MWE5YSAhaW1wb3J0YW50Ij48cGF0aCBmaWxsPSIjNjcxYTlhIiBkPSJNMjU2IDhjMTM3IDAgMjQ4IDExMSAyNDggMjQ4UzM5MyA1MDQgMjU2IDUwNCA4IDM5MyA4IDI1NiAxMTkgOCAyNTYgOHptMTEzLjkgMjMxTDIzNC40IDEwMy41Yy05LjQtOS40LTI0LjYtOS40LTMzLjkgMGwtMTcgMTdjLTkuNCA5LjQtOS40IDI0LjYgMCAzMy45TDI4NS4xIDI1NiAxODMuNSAzNTcuNmMtOS40IDkuNC05LjQgMjQuNiAwIDMzLjlsMTcgMTdjOS40IDkuNCAyNC42IDkuNCAzMy45IDBMMzY5LjkgMjczYzkuNC05LjQgOS40LTI0LjYgMC0zNHoiIHN0cm9rZT0iIzY3MWE5YSIgc3R5bGU9ImZpbGw6IHJnYigxMDMsIDI2LCAxNTQpOyBzdHJva2U6IHJnYigxMDMsIDI2LCAxNTQpOyIvPjwvc3ZnPg==')}.ugb-f473844.ugb-icon-list ul{columns:1}.ugb-f473844.ugb-icon-list{background-color:#f8f8f8}.ugb-f473844.ugb-icon-list > .ugb-inner-block{min-width:auto !important;max-width:80% !important}.ugb-f473844.ugb-icon-list:before{background-color:#f8f8f8}.ugb-f473844 .ugb-block-title{font-size:32px !important}@media screen and (min-width:768px){.ugb-f473844.ugb-icon-list{padding-right:35px !important;padding-left:200px !important}}<\/style><div class=\"ugb-inner-block ugb-inner-block--wide\"><h2 class=\"ugb-block-title\">QU\u00c8 APRENDR\u00c0S A SIGTUS?<\/h2><div class=\"ugb-block-content\"><ul><li>Aprendr\u00e0s Llengua de Signes fins al nivell on vulguis arribar.<\/li><li>Ser\u00e0s capa\u00e7 de compendre missatges signats.<\/li><li>Adquirir\u00e0s l\u2019estructura i la gram\u00e0tica correcte de la Llengua de Signes Catalana (LSC).<\/li><li>Tindr\u00e0s els coneixements per comunicar-te en Llengua de Signes amb persones sordes o amb usuaris de la Llengua de Signes.<\/li><li>Coneixer\u00e0s les caracter\u00edstiques de les persones sordes i de la Llengua de Signes.<\/li><li>Millorar\u00e0s la teva expressi\u00f3 facial i corporal.<\/li><li>Ampliar\u00e0s el teu camp visual.<\/li><li>Enriquir\u00e0s la teva percepci\u00f3 del m\u00f3n.<\/li><\/ul><\/div><\/div><\/div>\n\n\n\n<div style=\"height:100px\" aria-hidden=\"true\" class=\"wp-block-spacer\"><\/div>\n\n\n\n<h2 class=\"wp-block-heading has-text-align-center has-background\" style=\"background-color:#ffffff;font-size:38px\">Preguntes freq\u00fcents<\/h2>\n\n\n\n<div class=\"wp-block-ugb-accordion ugb-accordion ugb-b5e2647 ugb-accordion--v2 ugb-accordion--design-basic ugb-main-block\" aria-expanded=\"false\"><style>.ugb-b5e2647 .ugb-accordion__heading{border-radius:0px !important}.ugb-b5e2647 .ugb-accordion__arrow{fill:#671a9a}.ugb-b5e2647 .ugb-inner-block{text-align:left}<\/style><div class=\"ugb-inner-block\"><div class=\"ugb-block-content\"><div class=\"ugb-accordion__item\"><div class=\"ugb-accordion__heading ugb--shadow-1\" role=\"button\" tabindex=\"0\"><h4 class=\"ugb-accordion__title\">Quin \u00e9s el preu de la subscripci\u00f3 a l&#8217;escola de Sigtus?<\/h4><svg xmlns=\"http:\/\/www.w3.org\/2000\/svg\" viewBox=\"0 0 20 20\" class=\"ugb-accordion__arrow\" width=\"20\" height=\"20\"><path d=\"M16.7 3.3L10 10 3.3 3.4 0 6.7l10 10v-.1l10-9.9z\"><\/path><\/svg><\/div><div class=\"ugb-accordion__content\" role=\"region\"><div class=\"ugb-accordion__content-inner\">\n<p>El preu de la subscripci\u00f3 \u00e9s de 19 \u20ac al mes, sense perman\u00e8ncia obligatoria.<\/p>\n<\/div><\/div><\/div><\/div><\/div><\/div>\n\n\n\n<div class=\"wp-block-ugb-accordion ugb-accordion ugb-7e3ab5c ugb-accordion--v2 ugb-accordion--design-basic ugb-main-block\" aria-expanded=\"false\"><style>.ugb-7e3ab5c .ugb-accordion__heading{border-radius:0px !important}.ugb-7e3ab5c .ugb-accordion__arrow{fill:#671a9a}.ugb-7e3ab5c .ugb-inner-block{text-align:left}<\/style><div class=\"ugb-inner-block\"><div class=\"ugb-block-content\"><div class=\"ugb-accordion__item\"><div class=\"ugb-accordion__heading ugb--shadow-1\" role=\"button\" tabindex=\"0\"><h4 class=\"ugb-accordion__title\">Puc donar-me de baixa de la subscripci\u00f3 mensual?<\/h4><svg xmlns=\"http:\/\/www.w3.org\/2000\/svg\" viewBox=\"0 0 20 20\" class=\"ugb-accordion__arrow\" width=\"20\" height=\"20\"><path d=\"M16.7 3.3L10 10 3.3 3.4 0 6.7l10 10v-.1l10-9.9z\"><\/path><\/svg><\/div><div class=\"ugb-accordion__content\" role=\"region\"><div class=\"ugb-accordion__content-inner\">\n<p>Pots donar-te de baixa quan vulguis amb un simple clic a \u00abcancel\u00b7lar subscripci\u00f3\u00bb dins de la plataforma.<\/p>\n<\/div><\/div><\/div><\/div><\/div><\/div>\n\n\n\n<div class=\"wp-block-ugb-accordion ugb-accordion ugb-ab04192 ugb-accordion--v2 ugb-accordion--design-basic ugb-main-block\" aria-expanded=\"false\"><style>.ugb-ab04192 .ugb-accordion__heading{border-radius:0px !important}.ugb-ab04192 .ugb-accordion__arrow{fill:#671a9a}.ugb-ab04192 .ugb-inner-block{text-align:left}<\/style><div class=\"ugb-inner-block\"><div class=\"ugb-block-content\"><div class=\"ugb-accordion__item\"><div class=\"ugb-accordion__heading ugb--shadow-1\" role=\"button\" tabindex=\"0\"><h4 class=\"ugb-accordion__title\">Puc estudiar a Sigtus si no tinc cap coneixement de Llengua de Signes?<\/h4><svg xmlns=\"http:\/\/www.w3.org\/2000\/svg\" viewBox=\"0 0 20 20\" class=\"ugb-accordion__arrow\" width=\"20\" height=\"20\"><path d=\"M16.7 3.3L10 10 3.3 3.4 0 6.7l10 10v-.1l10-9.9z\"><\/path><\/svg><\/div><div class=\"ugb-accordion__content\" role=\"region\"><div class=\"ugb-accordion__content-inner\">\n<p>En aquesta escola comen\u00e7arem a estudiar des de nivell zero.<\/p>\n<\/div><\/div><\/div><\/div><\/div><\/div>\n\n\n\n<div class=\"wp-block-ugb-accordion ugb-accordion ugb-a7c4d0d ugb-accordion--v2 ugb-accordion--design-basic ugb-main-block\" aria-expanded=\"false\"><style>.ugb-a7c4d0d .ugb-accordion__heading{border-radius:0px !important}.ugb-a7c4d0d .ugb-accordion__arrow{fill:#671a9a}.ugb-a7c4d0d .ugb-inner-block{text-align:left}<\/style><div class=\"ugb-inner-block\"><div class=\"ugb-block-content\"><div class=\"ugb-accordion__item\"><div class=\"ugb-accordion__heading ugb--shadow-1\" role=\"button\" tabindex=\"0\"><h4 class=\"ugb-accordion__title\">Quina \u00e9s la durada del curs?<\/h4><svg xmlns=\"http:\/\/www.w3.org\/2000\/svg\" viewBox=\"0 0 20 20\" class=\"ugb-accordion__arrow\" width=\"20\" height=\"20\"><path d=\"M16.7 3.3L10 10 3.3 3.4 0 6.7l10 10v-.1l10-9.9z\"><\/path><\/svg><\/div><div class=\"ugb-accordion__content\" role=\"region\"><div class=\"ugb-accordion__content-inner\">\n<p>L&#8217;estudi de la Llengua de Signes el tenim classificat en diferents nivells.  Pots estudiar fins on vulguis arribar. <\/p>\n<\/div><\/div><\/div><\/div><\/div><\/div>\n\n\n\n<div class=\"wp-block-ugb-accordion ugb-accordion ugb-e12b002 ugb-accordion--v2 ugb-accordion--design-basic ugb-main-block\" aria-expanded=\"false\"><style>.ugb-e12b002 .ugb-accordion__arrow{fill:#671a9a}<\/style><div class=\"ugb-inner-block\"><div class=\"ugb-block-content\"><div class=\"ugb-accordion__item\"><div class=\"ugb-accordion__heading ugb--shadow-1\" role=\"button\" tabindex=\"0\"><h4 class=\"ugb-accordion__title\">Tindr\u00e9 l&#8217;ajuda d&#8217;un professor? Com m&#8217;ajudar\u00e0?<\/h4><svg xmlns=\"http:\/\/www.w3.org\/2000\/svg\" viewBox=\"0 0 20 20\" class=\"ugb-accordion__arrow\" width=\"20\" height=\"20\"><path d=\"M16.7 3.3L10 10 3.3 3.4 0 6.7l10 10v-.1l10-9.9z\"><\/path><\/svg><\/div><div class=\"ugb-accordion__content\" role=\"region\"><div class=\"ugb-accordion__content-inner\">\n<p>El professor corretgir\u00e0 els teus exercicis en Llengua de Signes per mitj\u00e0 de l&#8217;intercanvi de v\u00eddeos. Tamb\u00e9 podr\u00e0s preguntar els teus dubtes al finalitzar cada lli\u00e7\u00f3. A les classes en directe tamb\u00e9 podr\u00e0s consultar al professor en temps real.<\/p>\n<\/div><\/div><\/div><\/div><\/div><\/div>\n\n\n\n<div class=\"wp-block-ugb-accordion ugb-accordion ugb-3d796f5 ugb-accordion--v2 ugb-accordion--design-basic ugb-main-block\" aria-expanded=\"false\"><style>.ugb-3d796f5 .ugb-accordion__heading{border-radius:0px !important}.ugb-3d796f5 .ugb-accordion__arrow{fill:#671a9a}.ugb-3d796f5 .ugb-inner-block{text-align:left}<\/style><div class=\"ugb-inner-block\"><div class=\"ugb-block-content\"><div class=\"ugb-accordion__item\"><div class=\"ugb-accordion__heading ugb--shadow-1\" role=\"button\" tabindex=\"0\"><h4 class=\"ugb-accordion__title\">Tindr\u00e9 un diploma oficial a l&#8217;acabar alguns dels nivells d&#8217;estudi?<\/h4><svg xmlns=\"http:\/\/www.w3.org\/2000\/svg\" viewBox=\"0 0 20 20\" class=\"ugb-accordion__arrow\" width=\"20\" height=\"20\"><path d=\"M16.7 3.3L10 10 3.3 3.4 0 6.7l10 10v-.1l10-9.9z\"><\/path><\/svg><\/div><div class=\"ugb-accordion__content\" role=\"region\"><div class=\"ugb-accordion__content-inner\">\n<p>A l&#8217;acabar l&#8217;estudi d&#8217;un nivell de Llengua de Signes podr\u00e0s presentar-te a un examen. Si el superes et donarem un diploma de formaci\u00f3 no reglada. Els diplomes no s\u00f3n oficials.<\/p>\n<\/div><\/div><\/div><\/div><\/div><\/div>\n\n\n\n<div class=\"wp-block-ugb-accordion ugb-accordion ugb-8f20f45 ugb-accordion--v2 ugb-accordion--design-basic ugb-main-block\" aria-expanded=\"false\"><style>.ugb-8f20f45 .ugb-accordion__heading{border-radius:0px !important}.ugb-8f20f45 .ugb-accordion__arrow{fill:#671a9a}.ugb-8f20f45 .ugb-inner-block{text-align:left}<\/style><div class=\"ugb-inner-block\"><div class=\"ugb-block-content\"><div class=\"ugb-accordion__item\"><div class=\"ugb-accordion__heading ugb--shadow-1\" role=\"button\" tabindex=\"0\"><h4 class=\"ugb-accordion__title\">En quins horaris s\u00f3n les classes en directe?<\/h4><svg xmlns=\"http:\/\/www.w3.org\/2000\/svg\" viewBox=\"0 0 20 20\" class=\"ugb-accordion__arrow\" width=\"20\" height=\"20\"><path d=\"M16.7 3.3L10 10 3.3 3.4 0 6.7l10 10v-.1l10-9.9z\"><\/path><\/svg><\/div><div class=\"ugb-accordion__content\" role=\"region\"><div class=\"ugb-accordion__content-inner\">\n<p>Les classes en directe les farem en diferents horaris perqu\u00e8 tots els alumnes puguin assistir alguna vegada. Generalment ser\u00e0n programades en horari de tarda.<\/p>\n<\/div><\/div><\/div><\/div><\/div><\/div>\n\n\n\n<div style=\"height:33px\" aria-hidden=\"true\" class=\"wp-block-spacer\"><\/div>\n\n\n\n<div class=\"wp-block-buttons is-content-justification-center is-layout-flex wp-container-core-buttons-is-layout-16018d1d wp-block-buttons-is-layout-flex\">\n<div class=\"wp-block-button gb-block-button\"><a class=\"wp-block-button__link has-text-color has-background has-custom-font-size wp-element-button\" href=\"https:\/\/sigtus.com\/escola\/subscripcio\/\" style=\"border-radius:100px;color:#ffffff;background-color:#671a9a;padding-top:10px;padding-right:1.2em;padding-bottom:10px;padding-left:1.2em;font-size:26px;line-height:1.8\">Vull comen\u00e7ar ja!<\/a><\/div>\n<\/div>\n\n\n\n<div class=\"wp-block-genesis-blocks-gb-columns gb-layout-columns-1 one-column\"><div class=\"gb-layout-column-wrap gb-block-layout-column-gap-2 gb-is-responsive-column\">\n<div class=\"wp-block-genesis-blocks-gb-column gb-block-layout-column\"><div class=\"gb-block-layout-column-inner\">\n<p><\/p>\n<\/div><\/div>\n<\/div><\/div>\n","protected":false},"excerpt":{"rendered":"<p>Escola online de Llengua de Signes Catalana Apr\u00e8n a comunicar-te en una llengua visual y creativa. Suma&#8217;t a construir un m\u00f3n m\u00e9s accessible trencant barreres de comunicaci\u00f3. SUBSCRIU-TE Apr\u00e8n f\u00e0cil,des de zero i pas a pas Estudia des de casa amb continguts ben organitzats i materials d&#8217;estudi inclosos. Tindr\u00e0s l&#8217;ajuda personalitzada d&#8217;un docent que corretgir\u00e0 [&hellip;]<\/p>\n","protected":false},"author":1,"featured_media":0,"parent":0,"menu_order":0,"comment_status":"closed","ping_status":"closed","template":"","meta":{"_genesis_hide_title":false,"_genesis_hide_breadcrumbs":false,"_genesis_hide_singular_image":false,"_genesis_hide_footer_widgets":false,"_genesis_custom_body_class":"","_genesis_custom_post_class":"","_genesis_layout":"","footnotes":""},"class_list":{"0":"post-54","1":"page","2":"type-page","3":"status-publish","5":"entry","6":"has-post-thumbnail"},"featured_image_urls_v2":{"full":"","thumbnail":"","medium":"","medium_large":"","large":"","course_archive_thumbnail":"","course_single_thumbnail":"","lesson_archive_thumbnail":"","lesson_single_thumbnail":"","1536x1536":"","2048x2048":"","sidebar-featured":"","genesis-singular-images":"","Grid":"","gb-block-post-grid-landscape":"","gb-block-post-grid-square":""},"post_excerpt_stackable_v2":"<p>Escola online de Llengua de Signes CatalanaApr\u00e8n a comunicar-te en una llengua visual y creativa. Suma&#8217;t a construir un m\u00f3n m\u00e9s accessible trencant barreres de comunicaci\u00f3.SUBSCRIU-TE Apr\u00e8n f\u00e0cil,des de zero i pas a pasEstudia des de casa amb continguts ben organitzats i materials d&#8217;estudi inclosos. Tindr\u00e0s l&#8217;ajuda personalitzada d&#8217;un docent que corretgir\u00e0 els teus exercicis pr\u00e0ctics. A m\u00e9s, assistir\u00e0s a classes de conversa amb professors nadius de la Llengua de Signes. Classes en format v\u00eddeoClasses pr\u00e0ctiques i exercicis en v\u00eddeo on el professor t&#8217;explica pas a pas.Nous continguts cada setmanaCada setmana pugem nous continguts. Sempre tindr\u00e0s materials per seguir aprenent.Classes&hellip;<\/p>\n","category_list_v2":"","author_info_v2":{"name":"Administrador","url":"https:\/\/sigtus.com\/escola\/author\/leztisaicam\/"},"comments_num_v2":"0 comentarios","featured_image_src":null,"featured_image_src_square":null,"_links":{"self":[{"href":"https:\/\/sigtus.com\/escola\/wp-json\/wp\/v2\/pages\/54","targetHints":{"allow":["GET"]}}],"collection":[{"href":"https:\/\/sigtus.com\/escola\/wp-json\/wp\/v2\/pages"}],"about":[{"href":"https:\/\/sigtus.com\/escola\/wp-json\/wp\/v2\/types\/page"}],"author":[{"embeddable":true,"href":"https:\/\/sigtus.com\/escola\/wp-json\/wp\/v2\/users\/1"}],"replies":[{"embeddable":true,"href":"https:\/\/sigtus.com\/escola\/wp-json\/wp\/v2\/comments?post=54"}],"version-history":[{"count":146,"href":"https:\/\/sigtus.com\/escola\/wp-json\/wp\/v2\/pages\/54\/revisions"}],"predecessor-version":[{"id":2458,"href":"https:\/\/sigtus.com\/escola\/wp-json\/wp\/v2\/pages\/54\/revisions\/2458"}],"wp:attachment":[{"href":"https:\/\/sigtus.com\/escola\/wp-json\/wp\/v2\/media?parent=54"}],"curies":[{"name":"wp","href":"https:\/\/api.w.org\/{rel}","templated":true}]}}